{"id":399,"date":"2020-05-14T17:52:17","date_gmt":"2020-05-14T17:52:17","guid":{"rendered":"https:\/\/rightsreporter.net\/?page_id=399"},"modified":"2020-05-20T10:00:36","modified_gmt":"2020-05-20T10:00:36","slug":"reszvetel-nemzetkozi-halozatokban","status":"publish","type":"page","link":"https:\/\/rightsreporter.net\/hu\/reszvetel-nemzetkozi-halozatokban\/","title":{"rendered":"R\u00e9szv\u00e9tel nemzetk\u00f6zi h\u00e1l\u00f3zatokban"},"content":{"rendered":"\n<figure class=\"wp-block-image size-full\"><img loading=\"lazy\" decoding=\"async\" width=\"1920\" height=\"1080\" src=\"https:\/\/rightsreporter.net\/wp-content\/uploads\/sites\/7\/2020\/05\/ensz.jpg\" alt=\"\" class=\"wp-image-489\" srcset=\"https:\/\/rightsreporter.net\/wp-content\/uploads\/sites\/7\/2020\/05\/ensz.jpg 1920w, https:\/\/rightsreporter.net\/wp-content\/uploads\/sites\/7\/2020\/05\/ensz-300x169.jpg 300w, https:\/\/rightsreporter.net\/wp-content\/uploads\/sites\/7\/2020\/05\/ensz-1024x576.jpg 1024w, https:\/\/rightsreporter.net\/wp-content\/uploads\/sites\/7\/2020\/05\/ensz-768x432.jpg 768w, https:\/\/rightsreporter.net\/wp-content\/uploads\/sites\/7\/2020\/05\/ensz-1536x864.jpg 1536w\" sizes=\"auto, (max-width: 1920px) 100vw, 1920px\" \/><\/figure>\n\n\n\n<p>Sz\u00e1mos nemzetk\u00f6zi h\u00e1l\u00f3zatnak vagyunk tagja, \u00e9s fenntartjuk saj\u00e1t Eur\u00f3pai Drogpolitikai Kezdem\u00e9nyez\u00e9s \u00e9s Drogriporter Video \u00c9rdek\u00e9rv\u00e9nyes\u00edt\u00e9s h\u00e1l\u00f3zatainkat.<\/p>\n\n\n\n<!--more-->\n\n\n\n<p>Az Eur\u00f3pai Drogpolitikai Kezdem\u00e9nyez\u00e9s\u00fcnk (<a href=\"https:\/\/drogriporter.hu\/en\/section\/edpi\/\" target=\"_blank\" rel=\"noreferrer noopener\">European Drug Policy Initiative<\/a>) keret\u00e9ben region\u00e1lis technikai t\u00e1mogat\u00e1st ny\u00fajtunk \u00e9s kamp\u00e1nyokat k\u00e9sz\u00edt\u00fcnk.<\/p>\n\n\n\n<p>Tagjai vagyunk az Eur\u00f3pai Uni\u00f3 <a rel=\"noreferrer noopener\" href=\"https:\/\/ec.europa.eu\/home-affairs\/what-we-do\/networks\/civil-society-forum-drugs_en\" target=\"_blank\">K\u00e1b\u00edt\u00f3szer\u00fcgyi Civil T\u00e1rsadalom F\u00f3rum\u00e1nak<\/a> (Civil Society Forum on Drugs), az Eur\u00f3pai Bizotts\u00e1g szak\u00e9rt\u0151 csoportj\u00e1nak, amely drogpolitik\u00e1val kapcsolatban ad tan\u00e1csokat d\u00f6nt\u00e9shoz\u00f3knak. <a rel=\"noreferrer noopener\" href=\"https:\/\/drogriporter.hu\/en\/civil-society-forum-on-drugs-reconvenes-in-brussels\/\" target=\"_blank\">M\u00e9gt\u00f6bb inform\u00e1ci\u00f3\u203a\u203a<\/a><\/p>\n\n\n\n<p>L\u00e9trehoztuk a Drogriporter Video \u00c9rdek\u00e9rv\u00e9nyes\u00edt\u00e9s H\u00e1l\u00f3zatot (<a rel=\"noreferrer noopener\" href=\"https:\/\/drogriporter.hu\/en\/category\/drugreporter-video-advocacy-network\/\" target=\"_blank\">Drugreporter Video Advocacy Network<\/a>) olyan nemzetk\u00f6zi filmesekb\u0151l, akik elk\u00f6telezettek a drogpolitikai reform \u00e9s \u00e1rtalomcs\u00f6kkent\u00e9s ir\u00e1nt. A legt\u00f6bb tagot mi magunk k\u00e9pezt\u00fck ki vide\u00f3 \u00e9rdek\u00e9rv\u00e9nyes\u00edt\u00e9sre. <a rel=\"noreferrer noopener\" href=\"https:\/\/drogriporter.hu\/en\/category\/drugreporter-video-advocacy-network\/\" target=\"_blank\">N\u00e9zze meg a h\u00e1l\u00f3zatunk \u00e1ltal k\u00e9sz<\/a><a href=\"https:\/\/drogriporter.hu\/en\/category\/drugreporter-video-advocacy-network\/\" target=\"_blank\" rel=\"noreferrer noopener\">\u00ed<\/a><a rel=\"noreferrer noopener\" href=\"https:\/\/drogriporter.hu\/en\/category\/drugreporter-video-advocacy-network\/\" target=\"_blank\">tett filmeket\u203a\u203a<\/a><\/p>\n\n\n\n<p><a href=\"https:\/\/peer2peerproject.com\/\" target=\"_blank\" rel=\"noreferrer noopener\">Peer2Peer<\/a> &#8211; A Peer2Peer projekt c\u00e9lja hogy n\u00e9pszer\u0171s\u00edtse a sorst\u00e1rs seg\u00edt\u00e9s alkalmaz\u00e1s\u00e1t a k\u00e1b\u00edt\u00f3szerhaszn\u00e1l\u00f3kkal kapcsolatos seg\u00edt\u0151 munka sor\u00e1n.<\/p>\n\n\n\n<p><a href=\"https:\/\/peer2peerproject.com\/\" target=\"_blank\" rel=\"noreferrer noopener\">Besz\u00e9lj\u00fcnk a drogokr\u00f3l &#8211; \u00daj m\u00f3dszerek a fiatalokkal val\u00f3 kommunik\u00e1ci\u00f3ban <\/a>&#8211; Az Erasmus+ projekt c\u00e9lja a 8 partner orsz\u00e1g drogprevenci\u00f3s munk\u00e1j\u00e1nak fejleszt\u00e9se.<\/p>\n\n\n\n<p><a href=\"https:\/\/peer2peerproject.com\/\" target=\"_blank\" rel=\"noreferrer noopener\">LEt\u2019s Talk about drugs \u2013 new MEthods of communication with youth<\/a> &#8211; We are part of an Erasmus+ project, which includes 8 European organisations with the aim of creating strong and empowering strategic partnerships, to change existing drug education situation in our countries. <a href=\"https:\/\/peer2peerproject.com\/\" target=\"_blank\" rel=\"noreferrer noopener\">Learn more\u203a<\/a>\u203a<\/p>\n","protected":false},"excerpt":{"rendered":"<p>Sz\u00e1mos nemzetk\u00f6zi h\u00e1l\u00f3zatnak vagyunk tagja, \u00e9s fenntartjuk saj\u00e1t Eur\u00f3pai Drogpolitikai Kezdem\u00e9nyez\u00e9s \u00e9s Drogriporter Video \u00c9rdek\u00e9rv\u00e9nyes\u00edt\u00e9s h\u00e1l\u00f3zatainkat.<\/p>\n","protected":false},"author":2,"featured_media":489,"parent":0,"menu_order":0,"comment_status":"closed","ping_status":"closed","template":"","meta":{"_genesis_hide_title":false,"_genesis_hide_breadcrumbs":false,"_genesis_hide_singular_image":false,"_genesis_hide_footer_widgets":false,"_genesis_custom_body_class":"","_genesis_custom_post_class":"","_genesis_layout":"full-width-content","footnotes":""},"class_list":{"0":"post-399","1":"page","2":"type-page","3":"status-publish","4":"has-post-thumbnail","6":"entry"},"yoast_head":"<!-- This site is optimized with the Yoast SEO Premium plugin  - https:\/\/yoast.com\/product\/yoast-seo-premium-wordpress\/ -->\n<title>R\u00e9szv\u00e9tel nemzetk\u00f6zi h\u00e1l\u00f3zatokban - Rights Reporter<\/title>\n<meta name=\"robots\" content=\"index, follow, max-snippet:-1, max-image-preview:large, max-video-preview:-1\" \/>\n<link rel=\"canonical\" href=\"https:\/\/rightsreporter.net\/hu\/reszvetel-nemzetkozi-halozatokban\/\" \/>\n<meta property=\"og:locale\" content=\"hu_HU\" \/>\n<meta property=\"og:type\" content=\"article\" \/>\n<meta property=\"og:title\" content=\"R\u00e9szv\u00e9tel nemzetk\u00f6zi h\u00e1l\u00f3zatokban\" \/>\n<meta property=\"og:description\" content=\"Sz\u00e1mos nemzetk\u00f6zi h\u00e1l\u00f3zatnak vagyunk tagja, \u00e9s fenntartjuk saj\u00e1t Eur\u00f3pai Drogpolitikai Kezdem\u00e9nyez\u00e9s \u00e9s Drogriporter Video \u00c9rdek\u00e9rv\u00e9nyes\u00edt\u00e9s h\u00e1l\u00f3zatainkat.\" \/>\n<meta property=\"og:url\" content=\"https:\/\/rightsreporter.net\/hu\/reszvetel-nemzetkozi-halozatokban\/\" \/>\n<meta property=\"og:site_name\" content=\"Rights Reporter\" \/>\n<meta property=\"article:modified_time\" content=\"2020-05-20T10:00:36+00:00\" \/>\n<meta property=\"og:image\" content=\"https:\/\/rightsreporter.net\/wp-content\/uploads\/sites\/7\/2020\/05\/ensz.jpg\" \/>\n\t<meta property=\"og:image:width\" content=\"1920\" \/>\n\t<meta property=\"og:image:height\" content=\"1080\" \/>\n\t<meta property=\"og:image:type\" content=\"image\/jpeg\" \/>\n<meta name=\"twitter:card\" content=\"summary_large_image\" \/>\n<meta name=\"twitter:label1\" content=\"Becs\u00fclt olvas\u00e1si id\u0151\" \/>\n\t<meta name=\"twitter:data1\" content=\"1 perc\" \/>\n<script type=\"application\/ld+json\" class=\"yoast-schema-graph\">{\"@context\":\"https:\\\/\\\/schema.org\",\"@graph\":[{\"@type\":\"WebPage\",\"@id\":\"https:\\\/\\\/rightsreporter.net\\\/hu\\\/reszvetel-nemzetkozi-halozatokban\\\/\",\"url\":\"https:\\\/\\\/rightsreporter.net\\\/hu\\\/reszvetel-nemzetkozi-halozatokban\\\/\",\"name\":\"R\u00e9szv\u00e9tel nemzetk\u00f6zi h\u00e1l\u00f3zatokban - Rights Reporter\",\"isPartOf\":{\"@id\":\"https:\\\/\\\/rightsreporter.net\\\/#website\"},\"primaryImageOfPage\":{\"@id\":\"https:\\\/\\\/rightsreporter.net\\\/hu\\\/reszvetel-nemzetkozi-halozatokban\\\/#primaryimage\"},\"image\":{\"@id\":\"https:\\\/\\\/rightsreporter.net\\\/hu\\\/reszvetel-nemzetkozi-halozatokban\\\/#primaryimage\"},\"thumbnailUrl\":\"https:\\\/\\\/rightsreporter.net\\\/wp-content\\\/uploads\\\/sites\\\/7\\\/2020\\\/05\\\/ensz.jpg\",\"datePublished\":\"2020-05-14T17:52:17+00:00\",\"dateModified\":\"2020-05-20T10:00:36+00:00\",\"breadcrumb\":{\"@id\":\"https:\\\/\\\/rightsreporter.net\\\/hu\\\/reszvetel-nemzetkozi-halozatokban\\\/#breadcrumb\"},\"inLanguage\":\"hu\",\"potentialAction\":[{\"@type\":\"ReadAction\",\"target\":[\"https:\\\/\\\/rightsreporter.net\\\/hu\\\/reszvetel-nemzetkozi-halozatokban\\\/\"]}]},{\"@type\":\"ImageObject\",\"inLanguage\":\"hu\",\"@id\":\"https:\\\/\\\/rightsreporter.net\\\/hu\\\/reszvetel-nemzetkozi-halozatokban\\\/#primaryimage\",\"url\":\"https:\\\/\\\/rightsreporter.net\\\/wp-content\\\/uploads\\\/sites\\\/7\\\/2020\\\/05\\\/ensz.jpg\",\"contentUrl\":\"https:\\\/\\\/rightsreporter.net\\\/wp-content\\\/uploads\\\/sites\\\/7\\\/2020\\\/05\\\/ensz.jpg\",\"width\":1920,\"height\":1080},{\"@type\":\"BreadcrumbList\",\"@id\":\"https:\\\/\\\/rightsreporter.net\\\/hu\\\/reszvetel-nemzetkozi-halozatokban\\\/#breadcrumb\",\"itemListElement\":[{\"@type\":\"ListItem\",\"position\":1,\"name\":\"Home\",\"item\":\"https:\\\/\\\/rightsreporter.net\\\/hu\\\/\"},{\"@type\":\"ListItem\",\"position\":2,\"name\":\"R\u00e9szv\u00e9tel nemzetk\u00f6zi h\u00e1l\u00f3zatokban\"}]},{\"@type\":\"WebSite\",\"@id\":\"https:\\\/\\\/rightsreporter.net\\\/#website\",\"url\":\"https:\\\/\\\/rightsreporter.net\\\/\",\"name\":\"Rights Reporter\",\"description\":\"Rights Reporter\",\"potentialAction\":[{\"@type\":\"SearchAction\",\"target\":{\"@type\":\"EntryPoint\",\"urlTemplate\":\"https:\\\/\\\/rightsreporter.net\\\/?s={search_term_string}\"},\"query-input\":{\"@type\":\"PropertyValueSpecification\",\"valueRequired\":true,\"valueName\":\"search_term_string\"}}],\"inLanguage\":\"hu\"}]}<\/script>\n<!-- \/ Yoast SEO Premium plugin. -->","yoast_head_json":{"title":"R\u00e9szv\u00e9tel nemzetk\u00f6zi h\u00e1l\u00f3zatokban - Rights Reporter","robots":{"index":"index","follow":"follow","max-snippet":"max-snippet:-1","max-image-preview":"max-image-preview:large","max-video-preview":"max-video-preview:-1"},"canonical":"https:\/\/rightsreporter.net\/hu\/reszvetel-nemzetkozi-halozatokban\/","og_locale":"hu_HU","og_type":"article","og_title":"R\u00e9szv\u00e9tel nemzetk\u00f6zi h\u00e1l\u00f3zatokban","og_description":"Sz\u00e1mos nemzetk\u00f6zi h\u00e1l\u00f3zatnak vagyunk tagja, \u00e9s fenntartjuk saj\u00e1t Eur\u00f3pai Drogpolitikai Kezdem\u00e9nyez\u00e9s \u00e9s Drogriporter Video \u00c9rdek\u00e9rv\u00e9nyes\u00edt\u00e9s h\u00e1l\u00f3zatainkat.","og_url":"https:\/\/rightsreporter.net\/hu\/reszvetel-nemzetkozi-halozatokban\/","og_site_name":"Rights Reporter","article_modified_time":"2020-05-20T10:00:36+00:00","og_image":[{"width":1920,"height":1080,"url":"https:\/\/rightsreporter.net\/wp-content\/uploads\/sites\/7\/2020\/05\/ensz.jpg","type":"image\/jpeg"}],"twitter_card":"summary_large_image","twitter_misc":{"Becs\u00fclt olvas\u00e1si id\u0151":"1 perc"},"schema":{"@context":"https:\/\/schema.org","@graph":[{"@type":"WebPage","@id":"https:\/\/rightsreporter.net\/hu\/reszvetel-nemzetkozi-halozatokban\/","url":"https:\/\/rightsreporter.net\/hu\/reszvetel-nemzetkozi-halozatokban\/","name":"R\u00e9szv\u00e9tel nemzetk\u00f6zi h\u00e1l\u00f3zatokban - Rights Reporter","isPartOf":{"@id":"https:\/\/rightsreporter.net\/#website"},"primaryImageOfPage":{"@id":"https:\/\/rightsreporter.net\/hu\/reszvetel-nemzetkozi-halozatokban\/#primaryimage"},"image":{"@id":"https:\/\/rightsreporter.net\/hu\/reszvetel-nemzetkozi-halozatokban\/#primaryimage"},"thumbnailUrl":"https:\/\/rightsreporter.net\/wp-content\/uploads\/sites\/7\/2020\/05\/ensz.jpg","datePublished":"2020-05-14T17:52:17+00:00","dateModified":"2020-05-20T10:00:36+00:00","breadcrumb":{"@id":"https:\/\/rightsreporter.net\/hu\/reszvetel-nemzetkozi-halozatokban\/#breadcrumb"},"inLanguage":"hu","potentialAction":[{"@type":"ReadAction","target":["https:\/\/rightsreporter.net\/hu\/reszvetel-nemzetkozi-halozatokban\/"]}]},{"@type":"ImageObject","inLanguage":"hu","@id":"https:\/\/rightsreporter.net\/hu\/reszvetel-nemzetkozi-halozatokban\/#primaryimage","url":"https:\/\/rightsreporter.net\/wp-content\/uploads\/sites\/7\/2020\/05\/ensz.jpg","contentUrl":"https:\/\/rightsreporter.net\/wp-content\/uploads\/sites\/7\/2020\/05\/ensz.jpg","width":1920,"height":1080},{"@type":"BreadcrumbList","@id":"https:\/\/rightsreporter.net\/hu\/reszvetel-nemzetkozi-halozatokban\/#breadcrumb","itemListElement":[{"@type":"ListItem","position":1,"name":"Home","item":"https:\/\/rightsreporter.net\/hu\/"},{"@type":"ListItem","position":2,"name":"R\u00e9szv\u00e9tel nemzetk\u00f6zi h\u00e1l\u00f3zatokban"}]},{"@type":"WebSite","@id":"https:\/\/rightsreporter.net\/#website","url":"https:\/\/rightsreporter.net\/","name":"Rights Reporter","description":"Rights Reporter","potentialAction":[{"@type":"SearchAction","target":{"@type":"EntryPoint","urlTemplate":"https:\/\/rightsreporter.net\/?s={search_term_string}"},"query-input":{"@type":"PropertyValueSpecification","valueRequired":true,"valueName":"search_term_string"}}],"inLanguage":"hu"}]}},"featured_image_src":"https:\/\/rightsreporter.net\/wp-content\/uploads\/sites\/7\/2020\/05\/ensz.jpg","featured_image_src_square":"https:\/\/rightsreporter.net\/wp-content\/uploads\/sites\/7\/2020\/05\/ensz.jpg","wps_subtitle":"","_links":{"self":[{"href":"https:\/\/rightsreporter.net\/hu\/wp-json\/wp\/v2\/pages\/399","targetHints":{"allow":["GET"]}}],"collection":[{"href":"https:\/\/rightsreporter.net\/hu\/wp-json\/wp\/v2\/pages"}],"about":[{"href":"https:\/\/rightsreporter.net\/hu\/wp-json\/wp\/v2\/types\/page"}],"author":[{"embeddable":true,"href":"https:\/\/rightsreporter.net\/hu\/wp-json\/wp\/v2\/users\/2"}],"replies":[{"embeddable":true,"href":"https:\/\/rightsreporter.net\/hu\/wp-json\/wp\/v2\/comments?post=399"}],"version-history":[{"count":0,"href":"https:\/\/rightsreporter.net\/hu\/wp-json\/wp\/v2\/pages\/399\/revisions"}],"wp:featuredmedia":[{"embeddable":true,"href":"https:\/\/rightsreporter.net\/hu\/wp-json\/wp\/v2\/media\/489"}],"wp:attachment":[{"href":"https:\/\/rightsreporter.net\/hu\/wp-json\/wp\/v2\/media?parent=399"}],"curies":[{"name":"wp","href":"https:\/\/api.w.org\/{rel}","templated":true}]}}